{"id":1741,"date":"2023-10-12T23:28:17","date_gmt":"2023-10-12T21:28:17","guid":{"rendered":"https:\/\/birgit-kolar.es\/audio\/franz-lehar-concertino-para-violin-y-orquesta\/"},"modified":"2025-03-30T13:38:51","modified_gmt":"2025-03-30T11:38:51","slug":"franz-lehar-concertino-para-violin-y-orquesta","status":"publish","type":"page","link":"https:\/\/birgit-kolar.es\/es\/audio\/franz-lehar-concertino-para-violin-y-orquesta\/","title":{"rendered":"Franz Leh\u00e1r: Concertino para viol\u00edn y orquesta"},"content":{"rendered":"<p>[et_pb_section fb_built=\u00bb1&#8243; admin_label=\u00bbHeader\u00bb _builder_version=\u00bb4.22.1&#8243; background_color=\u00bbRGBA(255,255,255,0)\u00bb custom_padding=\u00bb0px||0px|||\u00bb custom_width_px__hover=\u00bb1080px\u00bb custom_width_px__hover_enabled=\u00bb1080px\u00bb custom_width_percent__hover=\u00bb80%\u00bb custom_width_percent__hover_enabled=\u00bb80%\u00bb global_colors_info=\u00bb{}\u00bb gutter_width__hover=\u00bb3&#8243; gutter_width__hover_enabled=\u00bb3&#8243; parallax_1__hover=\u00bboff\u00bb parallax_1__hover_enabled=\u00bboff\u00bb parallax_2__hover=\u00bboff\u00bb parallax_2__hover_enabled=\u00bboff\u00bb parallax_3__hover=\u00bboff\u00bb parallax_3__hover_enabled=\u00bboff\u00bb parallax_method_1__hover=\u00bbon\u00bb parallax_method_1__hover_enabled=\u00bbon\u00bb parallax_method_2__hover=\u00bbon\u00bb parallax_method_2__hover_enabled=\u00bbon\u00bb parallax_method_3__hover=\u00bbon\u00bb parallax_method_3__hover_enabled=\u00bbon\u00bb use_background_color_gradient__hover=\u00bboff\u00bb use_background_color_gradient__hover_enabled=\u00bboff\u00bb background_color_gradient_start__hover=\u00bb#2b87da\u00bb background_color_gradient_start__hover_enabled=\u00bb#2b87da\u00bb background_color_gradient_end__hover=\u00bb#29c4a9&#8243; background_color_gradient_end__hover_enabled=\u00bb#29c4a9&#8243; background_color_gradient_type__hover=\u00bblinear\u00bb background_color_gradient_type__hover_enabled=\u00bblinear\u00bb background_color_gradient_direction__hover=\u00bb180deg\u00bb background_color_gradient_direction__hover_enabled=\u00bb180deg\u00bb background_color_gradient_direction_radial__hover=\u00bbcenter\u00bb background_color_gradient_direction_radial__hover_enabled=\u00bbcenter\u00bb background_color_gradient_start_position__hover=\u00bb0%\u00bb background_color_gradient_start_position__hover_enabled=\u00bb0%\u00bb background_color_gradient_end_position__hover=\u00bb100%\u00bb background_color_gradient_end_position__hover_enabled=\u00bb100%\u00bb background_color_gradient_overlays_image__hover=\u00bboff\u00bb background_color_gradient_overlays_image__hover_enabled=\u00bboff\u00bb parallax__hover=\u00bboff\u00bb parallax__hover_enabled=\u00bboff\u00bb parallax_method__hover=\u00bbon\u00bb parallax_method__hover_enabled=\u00bbon\u00bb background_size__hover=\u00bbcover\u00bb background_size__hover_enabled=\u00bbcover\u00bb background_position__hover=\u00bbcenter\u00bb background_position__hover_enabled=\u00bbcenter\u00bb background_repeat__hover=\u00bbno-repeat\u00bb background_repeat__hover_enabled=\u00bbno-repeat\u00bb background_blend__hover=\u00bbnormal\u00bb background_blend__hover_enabled=\u00bbnormal\u00bb allow_player_pause__hover=\u00bboff\u00bb allow_player_pause__hover_enabled=\u00bboff\u00bb background_video_pause_outside_viewport__hover=\u00bbon\u00bb background_video_pause_outside_viewport__hover_enabled=\u00bbon\u00bb inner_shadow__hover=\u00bboff\u00bb inner_shadow__hover_enabled=\u00bboff\u00bb make_fullwidth__hover=\u00bboff\u00bb make_fullwidth__hover_enabled=\u00bboff\u00bb use_custom_width__hover=\u00bboff\u00bb use_custom_width__hover_enabled=\u00bboff\u00bb width_unit__hover=\u00bbon\u00bb width_unit__hover_enabled=\u00bbon\u00bb make_equal__hover=\u00bboff\u00bb make_equal__hover_enabled=\u00bboff\u00bb use_custom_gutter__hover=\u00bboff\u00bb use_custom_gutter__hover_enabled=\u00bboff\u00bb border_radii__hover=\u00bbon||||\u00bb border_radii__hover_enabled=\u00bbon||||\u00bb box_shadow_style__hover=\u00bbnone\u00bb box_shadow_style__hover_enabled=\u00bbnone\u00bb box_shadow_color__hover=\u00bbrgba(0,0,0,0.3)\u00bb box_shadow_color__hover_enabled=\u00bbrgba(0,0,0,0.3)\u00bb max_width__hover=\u00bb100%\u00bb max_width__hover_enabled=\u00bb100%\u00bb filter_hue_rotate__hover=\u00bb0deg\u00bb filter_hue_rotate__hover_enabled=\u00bb0deg\u00bb filter_saturate__hover=\u00bb100%\u00bb filter_saturate__hover_enabled=\u00bb100%\u00bb filter_brightness__hover=\u00bb100%\u00bb filter_brightness__hover_enabled=\u00bb100%\u00bb filter_contrast__hover=\u00bb100%\u00bb filter_contrast__hover_enabled=\u00bb100%\u00bb filter_invert__hover=\u00bb0%\u00bb filter_invert__hover_enabled=\u00bb0%\u00bb filter_sepia__hover=\u00bb0%\u00bb filter_sepia__hover_enabled=\u00bb0%\u00bb filter_opacity__hover=\u00bb100%\u00bb filter_opacity__hover_enabled=\u00bb100%\u00bb filter_blur__hover=\u00bb0px\u00bb filter_blur__hover_enabled=\u00bb0px\u00bb mix_blend_mode__hover=\u00bbnormal\u00bb mix_blend_mode__hover_enabled=\u00bbnormal\u00bb animation_style__hover=\u00bbnone\u00bb animation_style__hover_enabled=\u00bbnone\u00bb animation_repeat__hover=\u00bbonce\u00bb animation_repeat__hover_enabled=\u00bbonce\u00bb animation_direction__hover=\u00bbcenter\u00bb animation_direction__hover_enabled=\u00bbcenter\u00bb animation_duration__hover=\u00bb1000ms\u00bb animation_duration__hover_enabled=\u00bb1000ms\u00bb animation_delay__hover=\u00bb0ms\u00bb animation_delay__hover_enabled=\u00bb0ms\u00bb animation_intensity_slide__hover=\u00bb50%\u00bb animation_intensity_slide__hover_enabled=\u00bb50%\u00bb animation_intensity_zoom__hover=\u00bb50%\u00bb animation_intensity_zoom__hover_enabled=\u00bb50%\u00bb animation_intensity_flip__hover=\u00bb50%\u00bb animation_intensity_flip__hover_enabled=\u00bb50%\u00bb animation_intensity_fold__hover=\u00bb50%\u00bb animation_intensity_fold__hover_enabled=\u00bb50%\u00bb animation_intensity_roll__hover=\u00bb50%\u00bb animation_intensity_roll__hover_enabled=\u00bb50%\u00bb animation_starting_opacity__hover=\u00bb0%\u00bb animation_starting_opacity__hover_enabled=\u00bb0%\u00bb animation_speed_curve__hover=\u00bbease-in-out\u00bb animation_speed_curve__hover_enabled=\u00bbease-in-out\u00bb hover_transition_duration__hover=\u00bb300ms\u00bb hover_transition_duration__hover_enabled=\u00bb300ms\u00bb hover_transition_delay__hover=\u00bb0ms\u00bb hover_transition_delay__hover_enabled=\u00bb0ms\u00bb hover_transition_speed_curve__hover=\u00bbease\u00bb hover_transition_speed_curve__hover_enabled=\u00bbease\u00bb background_color_gradient_stops__hover=\u00bb#2b87da 0%|#29c4a9 100%\u00bb][et_pb_row _builder_version=\u00bb4.22.1&#8243; _module_preset=\u00bbdefault\u00bb module_alignment=\u00bbcenter\u00bb global_colors_info=\u00bb{}\u00bb][et_pb_column type=\u00bb4_4&#8243; _builder_version=\u00bb4.22.1&#8243; _module_preset=\u00bbdefault\u00bb global_colors_info=\u00bb{}\u00bb][et_pb_text _builder_version=\u00bb4.22.1&#8243; _module_preset=\u00bbdefault\u00bb header_text_align=\u00bbcenter\u00bb header_text_color=\u00bb#FFFFFF\u00bb header_2_text_align=\u00bbcenter\u00bb header_2_text_color=\u00bb#FFFFFF\u00bb header_4_text_align=\u00bbcenter\u00bb header_4_text_color=\u00bb#FFFFFF\u00bb global_colors_info=\u00bb{}\u00bb]<\/p>\n<h1 class=\"entry-title\" itemprop=\"name\">Franz Leh\u00e1r: Concertino para viol\u00edn y orquesta<\/h1>\n<p>[\/et_pb_text][et_pb_divider color=\u00bb#FFFFFF\u00bb _builder_version=\u00bb4.22.1&#8243; _module_preset=\u00bbdefault\u00bb custom_margin=\u00bb||-9px|||\u00bb global_colors_info=\u00bb{}\u00bb][\/et_pb_divider][et_pb_text _builder_version=\u00bb4.22.1&#8243; _module_preset=\u00bbdefault\u00bb header_text_align=\u00bbcenter\u00bb header_text_color=\u00bb#FFFFFF\u00bb header_2_text_align=\u00bbcenter\u00bb header_2_text_color=\u00bb#FFFFFF\u00bb header_3_text_align=\u00bbcenter\u00bb header_3_text_color=\u00bb#FFFFFF\u00bb header_4_text_align=\u00bbcenter\u00bb header_4_text_color=\u00bb#FFFFFF\u00bb global_colors_info=\u00bb{}\u00bb]<\/p>\n<h4 class=\"entry-title\" itemprop=\"name\">Publicaci\u00f3n: 2014<\/h4>\n<p>[\/et_pb_text][\/et_pb_column][\/et_pb_row][et_pb_row column_structure=\u00bb2_5,3_5&#8243; _builder_version=\u00bb4.22.1&#8243; _module_preset=\u00bbdefault\u00bb global_colors_info=\u00bb{}\u00bb][et_pb_column type=\u00bb2_5&#8243; _builder_version=\u00bb4.22.1&#8243; _module_preset=\u00bbdefault\u00bb global_colors_info=\u00bb{}\u00bb][et_pb_image src=\u00bbhttp:\/\/birgit-kolar.es\/wp-content\/uploads\/2023\/08\/cropped-03-Titel-03-ACC-m4a-image.jpg\u00bb title_text=\u00bbFranz Leh\u00e1r: Concertino para viol\u00edn y orquesta\u00bb _builder_version=\u00bb4.22.1&#8243; _module_preset=\u00bbdefault\u00bb global_colors_info=\u00bb{}\u00bb][\/et_pb_image][et_pb_button button_url=\u00bb@ET-DC@eyJkeW5hbWljIjp0cnVlLCJjb250ZW50IjoicG9zdF9saW5rX3VybF9wYWdlIiwic2V0dGluZ3MiOnsicG9zdF9pZCI6IjEwODkifX0=@\u00bb button_text=\u00bbAbre el men\u00fa de audio\u00bb _builder_version=\u00bb4.22.1&#8243; _dynamic_attributes=\u00bbbutton_url\u00bb _module_preset=\u00bbdefault\u00bb custom_button=\u00bbon\u00bb button_text_color=\u00bb#FFFFFF\u00bb button_bg_color=\u00bb#0a0a0a\u00bb button_font=\u00bb|||on|||||\u00bb button_icon=\u00bb&#x34;||divi||400&#8243; button_icon_placement=\u00bbleft\u00bb hover_enabled=\u00bb0&#8243; global_colors_info=\u00bb{}\u00bb sticky_enabled=\u00bb0&#8243;][\/et_pb_button][\/et_pb_column][et_pb_column type=\u00bb3_5&#8243; _builder_version=\u00bb4.22.1&#8243; _module_preset=\u00bbdefault\u00bb global_colors_info=\u00bb{}\u00bb][et_pb_code _builder_version=\u00bb4.22.1&#8243; _module_preset=\u00bbdefault\u00bb custom_margin=\u00bb-14px|||||\u00bb global_colors_info=\u00bb{}\u00bb]<div class=\"cue-playlist-container\">\n<div class=\"cue-playlist cue-theme-default\" itemscope itemtype=\"http:\/\/schema.org\/MusicPlaylist\">\n\t\n\t<meta itemprop=\"numTracks\" content=\"1\" \/>\n\n\t<audio src=\"http:\/\/birgit-kolar.es\/wp-content\/uploads\/2023\/08\/5-Audiospur-MP3-Datei1.mp3\" controls preload=\"none\" class=\"cue-audio\" style=\"width: 100%; height: auto\"><\/audio>\n\n\t<ol class=\"cue-tracks\">\n\t\t\t\t\t<li class=\"cue-track\" itemprop=\"track\" itemscope itemtype=\"http:\/\/schema.org\/MusicRecording\">\n\t\t\t\t\n\t\t\t\t<span class=\"cue-track-details cue-track-cell\">\n\t\t\t\t\t<span class=\"cue-track-title\" itemprop=\"name\">Franz Leh\u00e1r: Concertino f\u00fcr Violine und Orchester<\/span>\n\t\t\t\t\t<span class=\"cue-track-artist\" itemprop=\"byArtist\">Birgit Kolar, Violine , K\u00e4rntner Symphonieorchester<\/span>\n\t\t\t\t<\/span>\n\n\t\t\t\t<span class=\"cue-track-actions cue-track-cell\"><\/span>\n\t\t\t\t<span class=\"cue-track-length cue-track-cell\">13:09<\/span>\n\n\t\t\t\t\t\t\t<\/li>\n\t\t\t<\/ol>\n\n\t\t\t<div class=\"cue-share-dialog\">\n\t\t\t<h2 class=\"cue-share-dialog-title\">Embed<\/h2>\n\t\t\t<p>\n\t\t\t\tCopy and paste this code to your site to embed.\t\t\t<\/p>\n\t\t\t<p>\n\t\t\t\t<textarea rows=\"3\" onclick=\"this.select();\" readonly>&lt;iframe class=&quot;cue-embed&quot; src=&quot;https:\/\/birgit-kolar.es\/es\/?cue_embed=franz-lehar-concertino-fuer-violine-und-orchester&amp;#038;cue_theme=default&quot; frameborder=&quot;0&quot; marginwidth=&quot;0&quot; marginheight=&quot;0&quot; width=&quot;100%&quot; height=&quot;400&quot;&gt;&lt;\/iframe&gt;&lt;script src=&quot;https:\/\/birgit-kolar.es\/wp-content\/plugins\/cuepro\/assets\/js\/embed.min.js&quot;&gt;&lt;\/script&gt;<\/textarea>\n\t\t\t<\/p>\n\t\t\t<button class=\"cue-share-dialog-close js-close\" title=\"Close\">\n\t\t\t\t<svg xmlns=\"http:\/\/www.w3.org\/2000\/svg\" xmlns:xlink=\"http:\/\/www.w3.org\/1999\/xlink\" viewBox=\"0 0 24 24\">\n\t\t\t\t\t<path d=\"M21,4.41L19.59,3L12,10.59L4.41,3L3,4.41L10.59,12L3,19.59L4.41,21L12,13.41L19.59,21L21,19.59L13.41,12L21,4.41z\"\/>\n\t\t\t\t<\/svg>\n\t\t\t<\/button>\n\t\t<\/div>\n\t\t<\/div>\n\t\t<script type=\"application\/json\" class=\"cue-playlist-data\">{\"embed_link\":\"https:\\\/\\\/birgit-kolar.es\\\/es\\\/?cue_embed=franz-lehar-concertino-fuer-violine-und-orchester&cue_theme=default\",\"permalink\":\"https:\\\/\\\/birgit-kolar.es\\\/es\\\/?cue_playlist=franz-lehar-concertino-fuer-violine-und-orchester\",\"skin\":\"cue-skin-default\",\"thumbnail\":\"\",\"tracks\":[{\"artist\":\"Birgit Kolar, Violine , K\\u00e4rntner Symphonieorchester\",\"artworkId\":0,\"artworkUrl\":\"\",\"audioId\":333,\"audioUrl\":\"http:\\\/\\\/birgit-kolar.es\\\/wp-content\\\/uploads\\\/2023\\\/08\\\/5-Audiospur-MP3-Datei1.mp3\",\"format\":\"mp3\",\"length\":\"13:09\",\"title\":\"Franz Leh\\u00e1r: Concertino f\\u00fcr Violine und Orchester\",\"order\":0,\"mp3\":\"http:\\\/\\\/birgit-kolar.es\\\/wp-content\\\/uploads\\\/2023\\\/08\\\/5-Audiospur-MP3-Datei1.mp3\",\"downloadUrl\":\"\",\"purchaseText\":\"Buy\",\"purchaseUrl\":\"\",\"meta\":{\"artist\":\"Birgit Kolar, Violine , K\\u00e4rntner Symphonieorchester\",\"length_formatted\":\"13:09\"},\"src\":\"http:\\\/\\\/birgit-kolar.es\\\/wp-content\\\/uploads\\\/2023\\\/08\\\/5-Audiospur-MP3-Datei1.mp3\",\"thumb\":{\"src\":\"\"}}]}<\/script>\n\t\t<\/div>[\/et_pb_code][\/et_pb_column][\/et_pb_row][\/et_pb_section]<\/p>\n","protected":false},"excerpt":{"rendered":"<p>Franz Leh\u00e1r: Concertino para viol\u00edn y orquestaPublicaci\u00f3n: 2014<div class=\"cue-playlist-container\">\n<div class=\"cue-playlist cue-theme-default\" itemscope itemtype=\"http:\/\/schema.org\/MusicPlaylist\">\n\t\n\t<meta itemprop=\"numTracks\" content=\"1\" \/>\n\n\t<audio src=\"http:\/\/birgit-kolar.es\/wp-content\/uploads\/2023\/08\/5-Audiospur-MP3-Datei1.mp3\" controls preload=\"none\" class=\"cue-audio\" style=\"width: 100%; height: auto\"><\/audio>\n\n\t<ol class=\"cue-tracks\">\n\t\t\t\t\t<li class=\"cue-track\" itemprop=\"track\" itemscope itemtype=\"http:\/\/schema.org\/MusicRecording\">\n\t\t\t\t\n\t\t\t\t<span class=\"cue-track-details cue-track-cell\">\n\t\t\t\t\t<span class=\"cue-track-title\" itemprop=\"name\">Franz Leh\u00e1r: Concertino f\u00fcr Violine und Orchester<\/span>\n\t\t\t\t\t<span class=\"cue-track-artist\" itemprop=\"byArtist\">Birgit Kolar, Violine , K\u00e4rntner Symphonieorchester<\/span>\n\t\t\t\t<\/span>\n\n\t\t\t\t<span class=\"cue-track-actions cue-track-cell\"><\/span>\n\t\t\t\t<span class=\"cue-track-length cue-track-cell\">13:09<\/span>\n\n\t\t\t\t\t\t\t<\/li>\n\t\t\t<\/ol>\n\n\t\t\t<div class=\"cue-share-dialog\">\n\t\t\t<h2 class=\"cue-share-dialog-title\">Embed<\/h2>\n\t\t\t<p>\n\t\t\t\tCopy and paste this code to your site to embed.\t\t\t<\/p>\n\t\t\t<p>\n\t\t\t\t<textarea rows=\"3\" onclick=\"this.select();\" readonly>&lt;iframe class=&quot;cue-embed&quot; src=&quot;https:\/\/birgit-kolar.es\/es\/?cue_embed=franz-lehar-concertino-fuer-violine-und-orchester&amp;#038;cue_theme=default&quot; frameborder=&quot;0&quot; marginwidth=&quot;0&quot; marginheight=&quot;0&quot; width=&quot;100%&quot; height=&quot;400&quot;&gt;&lt;\/iframe&gt;&lt;script src=&quot;https:\/\/birgit-kolar.es\/wp-content\/plugins\/cuepro\/assets\/js\/embed.min.js&quot;&gt;&lt;\/script&gt;<\/textarea>\n\t\t\t<\/p>\n\t\t\t<button class=\"cue-share-dialog-close js-close\" title=\"Close\">\n\t\t\t\t<svg xmlns=\"http:\/\/www.w3.org\/2000\/svg\" xmlns:xlink=\"http:\/\/www.w3.org\/1999\/xlink\" viewBox=\"0 0 24 24\">\n\t\t\t\t\t<path d=\"M21,4.41L19.59,3L12,10.59L4.41,3L3,4.41L10.59,12L3,19.59L4.41,21L12,13.41L19.59,21L21,19.59L13.41,12L21,4.41z\"\/>\n\t\t\t\t<\/svg>\n\t\t\t<\/button>\n\t\t<\/div>\n\t\t<\/div>\n\t\t<script type=\"application\/json\" class=\"cue-playlist-data\">{\"embed_link\":\"https:\\\/\\\/birgit-kolar.es\\\/es\\\/?cue_embed=franz-lehar-concertino-fuer-violine-und-orchester&cue_theme=default\",\"permalink\":\"https:\\\/\\\/birgit-kolar.es\\\/es\\\/?cue_playlist=franz-lehar-concertino-fuer-violine-und-orchester\",\"skin\":\"cue-skin-default\",\"thumbnail\":\"\",\"tracks\":[{\"artist\":\"Birgit Kolar, Violine , K\\u00e4rntner Symphonieorchester\",\"artworkId\":0,\"artworkUrl\":\"\",\"audioId\":333,\"audioUrl\":\"http:\\\/\\\/birgit-kolar.es\\\/wp-content\\\/uploads\\\/2023\\\/08\\\/5-Audiospur-MP3-Datei1.mp3\",\"format\":\"mp3\",\"length\":\"13:09\",\"title\":\"Franz Leh\\u00e1r: Concertino f\\u00fcr Violine und Orchester\",\"order\":0,\"mp3\":\"http:\\\/\\\/birgit-kolar.es\\\/wp-content\\\/uploads\\\/2023\\\/08\\\/5-Audiospur-MP3-Datei1.mp3\",\"downloadUrl\":\"\",\"purchaseText\":\"Buy\",\"purchaseUrl\":\"\",\"meta\":{\"artist\":\"Birgit Kolar, Violine , K\\u00e4rntner Symphonieorchester\",\"length_formatted\":\"13:09\"},\"src\":\"http:\\\/\\\/birgit-kolar.es\\\/wp-content\\\/uploads\\\/2023\\\/08\\\/5-Audiospur-MP3-Datei1.mp3\",\"thumb\":{\"src\":\"\"}}]}<\/script>\n\t\t<\/div><\/p>\n","protected":false},"author":1,"featured_media":0,"parent":1325,"menu_order":0,"comment_status":"closed","ping_status":"closed","template":"","meta":{"_et_pb_use_builder":"on","_et_pb_old_content":"","_et_gb_content_width":"","footnotes":""},"folder":[77],"_links":{"self":[{"href":"https:\/\/birgit-kolar.es\/es\/wp-json\/wp\/v2\/pages\/1741"}],"collection":[{"href":"https:\/\/birgit-kolar.es\/es\/wp-json\/wp\/v2\/pages"}],"about":[{"href":"https:\/\/birgit-kolar.es\/es\/wp-json\/wp\/v2\/types\/page"}],"author":[{"embeddable":true,"href":"https:\/\/birgit-kolar.es\/es\/wp-json\/wp\/v2\/users\/1"}],"replies":[{"embeddable":true,"href":"https:\/\/birgit-kolar.es\/es\/wp-json\/wp\/v2\/comments?post=1741"}],"version-history":[{"count":2,"href":"https:\/\/birgit-kolar.es\/es\/wp-json\/wp\/v2\/pages\/1741\/revisions"}],"predecessor-version":[{"id":1743,"href":"https:\/\/birgit-kolar.es\/es\/wp-json\/wp\/v2\/pages\/1741\/revisions\/1743"}],"up":[{"embeddable":true,"href":"https:\/\/birgit-kolar.es\/es\/wp-json\/wp\/v2\/pages\/1325"}],"wp:attachment":[{"href":"https:\/\/birgit-kolar.es\/es\/wp-json\/wp\/v2\/media?parent=1741"}],"wp:term":[{"taxonomy":"folder","embeddable":true,"href":"https:\/\/birgit-kolar.es\/es\/wp-json\/wp\/v2\/folder?post=1741"}],"curies":[{"name":"wp","href":"https:\/\/api.w.org\/{rel}","templated":true}]}}